{"id":3,"date":"2025-05-17T14:12:57","date_gmt":"2025-05-17T14:12:57","guid":{"rendered":"https:\/\/xn--brgerfrwetter-wobf.eu\/?page_id=3"},"modified":"2025-07-20T11:23:17","modified_gmt":"2025-07-20T11:23:17","slug":"privacy-policy","status":"publish","type":"page","link":"https:\/\/buergerfuerwetter.de\/index.php\/privacy-policy\/","title":{"rendered":"Impressum \/ Datenschutzerkl\u00e4rung"},"content":{"rendered":"\n<p>Die freie W\u00e4hlergemeinschaft B\u00fcrger f\u00fcr Wetter wird repr\u00e4sentiert vom<br>1. Vorsitzenden Thorsten Michaelis<br>Paracelsusstra\u00dfe 5, 58300 Wetter (Ruhr)\u00a0<br><a href=\"mailto:webmaster%40buergerfuerwetter.de?subject=BfW%20Impressum&amp;body=%20\">webmaster@buergerfuerwetter.de<\/a><\/p>\n\n\n\n<p><strong>Kontakt:<\/strong><br>B\u00fcrger f\u00fcr Wetter<br>Thorsten Michaelis, Paracelsusstr. 5, 58300 Wetter &#8211; Volmarstein<br>Telefon: +49 173 2830050<br>E-Mail: webmaster@buergerfuerwetter.de<\/p>\n\n\n\n<p><strong>Redaktionell verantwortlich:<\/strong><br>Thorsten Michaelis<br>Paracelsusstra\u00dfe 5,<br>58300 Wetter<\/p>\n\n\n\n<p><strong><br>Verbraucherstreitbeilegung\/Universalschlichtungsstelle:<\/strong><br>Wir sind nicht bereit oder verpflichtet, an Streitbeilegungsverfahren vor einer Verbraucherschlichtungsstelle teilzunehmen.<\/p>\n\n\n\n<p><strong>Haftungshinweis:<\/strong><br>Alle Informationen werden sorgf\u00e4ltig gepr\u00fcft. F\u00fcr die Richtigkeit wird keine Garantie \u00fcbernommen. Technische \u00c4nderungen an den Produkten und Dienstleistungen sind jederzeit vorbehalten. Auf einigen Seiten befinden sich Links zu anderen Websites. Wir haben keinerlei Einfluss auf die Gestaltung und die Inhalte dieser gelinkten Websites. Die Links dienen nur der vereinfachten Navigation f\u00fcr den Anwender. Ein Verweis auf eine externe Seite bedeutet nicht, dass die B\u00fcrger f\u00fcr Wetter den Inhalt dieser Seite und deren Folgeseiten vollst\u00e4ndig \u00fcberpr\u00fcft hat bzw. mit ihrem Inhalt einverstanden ist. Diese Erkl\u00e4rung gilt f\u00fcr alle externen Links dieser Website.&nbsp;<\/p>\n\n\n\n<p>\u00a9 Copyright B\u00fcrger f\u00fcr Wetter&nbsp; &nbsp;\u2014 Die Website und die hierin enthaltenen Informationen sind urheberrechtlich gesch\u00fctzt. Urheberrechte Dritter sind gekennzeichnet. Die Inhalte d\u00fcrfen nicht ohne vorherige ausdr\u00fcckliche Einwilligung des Vorstandes bzw. des dritten Rechteinhabers von Dritten genutzt oder weitergegeben werden.<\/p>\n\n\n\n<p>Diese Website benutzt Google Analytics, einen Webanalysedienst der Google Inc. (\u201eGoogle\u201c). Google Analytics verwendet sog. \u201eCookies\u201c, Textdateien, die auf Ihrem Computer gespeichert werden und die eine Analyse der Benutzung der Website durch Sie erm\u00f6glicht. Die durch den Cookie erzeugten Informationen \u00fcber Ihre Benutzung diese Website (einschlie\u00dflich Ihrer IP-Adresse) wird an einen Server von Google in den USA \u00fcbertragen und dort gespeichert. Google wird diese Informationen benutzen, um Ihre Nutzung der Website auszuwerten, um Reports \u00fcber die Websiteaktivit\u00e4ten f\u00fcr die Websitebetreiber zusammenzustellen und um weitere mit der Websitenutzung und der Internetnutzung verbundene Dienstleistungen zu erbringen. Auch wird Google diese Informationen gegebenenfalls an Dritte \u00fcbertragen, sofern dies gesetzlich vorgeschrieben oder soweit Dritte diese Daten im Auftrag von Google verarbeiten. Google wird in keinem Fall Ihre IP-Adresse mit anderen Daten der Google in Verbindung bringen. Sie k\u00f6nnen die Installation der Cookies durch eine entsprechende Einstellung Ihrer Browser Software verhindern; wir weisen Sie jedoch darauf hin, dass Sie in diesem Fall gegebenenfalls nicht s\u00e4mtliche Funktionen dieser Website voll umf\u00e4nglich nutzen k\u00f6nnen. Durch die Nutzung dieser Website erkl\u00e4ren Sie sich mit der Bearbeitung der \u00fcber Sie erhobenen Daten durch Google in der zuvor beschriebenen Art und Weise und zu dem zuvor benannten Zweck einverstanden.<\/p>\n\n\n\n<p><strong>Erg\u00e4nzung zur neuen Datenschutzverordnung :<br><\/strong>Die folgenden Hinweise geben einen einfachen \u00dcberblick dar\u00fcber, was mit Ihren personenbezogenen Daten passiert, wenn Sie unsere Website besuchen. Personenbezogene Daten sind alle Daten, mit denen Sie pers\u00f6nlich identifiziert werden k\u00f6nnen. Ausf\u00fchrliche Informationen zum Thema Datenschutz entnehmen Sie unserer unter diesem Text aufgef\u00fchrten Datenschutzerkl\u00e4rung.<\/p>\n\n\n\n<p><strong>Datenerfassung auf unserer Website:<\/strong>&nbsp;<strong><br>Wer ist verantwortlich f\u00fcr die Datenerfassung auf dieser Website?<br><\/strong>Die Datenverarbeitung auf dieser Website erfolgt durch den Websitebetreiber. Dessen Kontaktdaten k\u00f6nnen Sie dem Impressum dieser Website entnehmen.<\/p>\n\n\n\n<p><strong>Wie erfassen wir Ihre Daten?<br><\/strong>Ihre Daten werden zum einen dadurch erhoben, dass Sie uns diese mitteilen. Hierbei kann es sich z.B. um Daten handeln, die Sie in ein Kontaktformular eingeben. Andere Daten werden automatisch beim Besuch der Website durch unsere IT-Systeme erfasst. Das sind vor allem technische Daten (z.B. Internetbrowser, Betriebssystem oder Uhrzeit des Seitenaufrufs). Die Erfassung dieser Daten erfolgt automatisch, sobald Sie unsere Website betreten.<\/p>\n\n\n\n<p><strong>Wof\u00fcr nutzen wir Ihre Daten?<br><\/strong>Ein Teil der Daten wird erhoben, um eine fehlerfreie Bereitstellung der Website zu gew\u00e4hrleisten. Andere Daten k\u00f6nnen zur Analyse Ihres Nutzerverhaltens verwendet werden.<\/p>\n\n\n\n<p><strong>Welche Rechte haben Sie bez\u00fcglich Ihrer Daten?<br><\/strong>Sie haben jederzeit das Recht unentgeltlich Auskunft \u00fcber Herkunft, Empf\u00e4nger und Zweck Ihrer gespeicherten personenbezogenen Daten zu erhalten. Sie haben au\u00dferdem ein Recht, die Berichtigung, Sperrung oder L\u00f6schung dieser Daten zu verlangen. Hierzu sowie zu weiteren Fragen zum Thema Datenschutz k\u00f6nnen Sie sich jederzeit unter der im Impressum angegebenen Adresse an uns wenden. Des Weiteren steht Ihnen ein Beschwerderecht bei der zust\u00e4ndigen Aufsichtsbeh\u00f6rde zu.<\/p>\n\n\n\n<p><strong>Analyse-Tools und Tools von Drittanbietern<br><\/strong>Beim Besuch unserer Website kann Ihr Surf-Verhalten statistisch ausgewertet werden.  Die Analyse Ihres Surf-Verhaltens erfolgt in der Regel anonym; das Surf-Verhalten kann nicht zu Ihnen zur\u00fcckverfolgt werden. Sie k\u00f6nnen dieser Analyse widersprechen oder sie durch die Nichtbenutzung bestimmter Tools verhindern. Detaillierte Informationen dazu finden Sie in der folgenden Datenschutzerkl\u00e4rung.<\/p>\n\n\n\n<p>Sie k\u00f6nnen dieser Analyse widersprechen. \u00dcber die Widerspruchsm\u00f6glichkeiten werden wir Sie in dieser Datenschutzerkl\u00e4rung informieren.<\/p>\n\n\n\n<p><strong>Allgemeine Hinweise und Pflichtinformationen:<br><\/strong><strong>Datenschutz<br><\/strong>Die Betreiber dieser Seiten nehmen den Schutz Ihrer pers\u00f6nlichen Daten sehr ernst. Wir behandeln Ihre personenbezogenen Daten vertraulich und entsprechend der gesetzlichen Datenschutzvorschriften sowie dieser Datenschutzerkl\u00e4rung. Wenn Sie diese Website benutzen, werden verschiedene personenbezogene Daten erhoben. Personenbezogene Daten sind Daten, mit denen Sie pers\u00f6nlich identifiziert werden k\u00f6nnen. Die vorliegende Datenschutzerkl\u00e4rung erl\u00e4utert, welche Daten wir erheben und wof\u00fcr wir sie nutzen. Sie erl\u00e4utert auch, wie und zu welchem Zweck das geschieht. Wir weisen darauf hin, dass die Daten\u00fcbertragung im Internet (z.B. bei der Kommunikation per E-Mail) Sicherheitsl\u00fccken aufweisen kann. Ein l\u00fcckenloser Schutz der Daten vor dem Zugriff durch Dritte ist nicht m\u00f6glich.<\/p>\n\n\n\n<p><strong>Hinweis zur verantwortlichen Stelle<br><\/strong>Die verantwortliche Stelle f\u00fcr die Datenverarbeitung auf dieser Website ist:<\/p>\n\n\n\n<p>Thorsten Michaelis<br>B\u00fcrger f\u00fcr Wetter<br>Paracelsusstr. 5, 58300 Wetter<br>E-Mail: webmaster@buergerfuerwetter.de<\/p>\n\n\n\n<p>Verantwortliche Stelle ist die nat\u00fcrliche oder juristische Person, die allein oder gemeinsam mit anderen \u00fcber die Zwecke und Mittel der Verarbeitung von personenbezogenen Daten (z.B. Namen, E-Mail- Adressen o. \u00c4.) entscheidet.<\/p>\n\n\n\n<p><strong>Widerruf Ihrer Einwilligung zur Datenverarbeitung<br><\/strong>Viele Datenverarbeitungsvorg\u00e4nge sind nur mit Ihrer ausdr\u00fccklichen Einwilligung m\u00f6glich. Sie k\u00f6nnen eine bereits erteilte Einwilligung jederzeit widerrufen. Dazu reicht eine formlose Mitteilung per E-Mail an uns. Die Rechtm\u00e4\u00dfigkeit der bis zum Widerruf erfolgten Datenverarbeitung bleibt vom Widerruf unber\u00fchrt.<\/p>\n\n\n\n<p><strong>Beschwerderecht bei der zust\u00e4ndigen Aufsichtsbeh\u00f6rde<br><\/strong>Im Falle datenschutzrechtlicher Verst\u00f6\u00dfe steht dem Betroffenen ein Beschwerderecht bei der zust\u00e4ndigen Aufsichtsbeh\u00f6rde zu. Zust\u00e4ndige Aufsichtsbeh\u00f6rde in datenschutzrechtlichen Fragen ist der Landesdatenschutzbeauftragte des Bundeslandes, in dem unser Unternehmen seinen Sitz hat. Eine Liste der Datenschutzbeauftragten sowie deren Kontaktdaten k\u00f6nnen folgendem Link entnommen werden: https:\/\/www.bfdi.bund.de\/DE\/Infothek\/Anschriften_Links\/anschriften_links-node.html.<\/p>\n\n\n\n<p><strong>Recht auf Daten\u00fcbertragbarkeit<br><\/strong>Sie haben das Recht, Daten, die wir auf Grundlage Ihrer Einwilligung oder in Erf\u00fcllung eines Vertrags automatisiert verarbeiten, an sich oder an einen Dritten in einem g\u00e4ngigen, maschinenlesbaren Format aush\u00e4ndigen zu lassen. Sofern Sie die direkte \u00dcbertragung der Daten an einen anderen Verantwortlichen verlangen, erfolgt dies nur, soweit es technisch machbar ist.<\/p>\n\n\n\n<p><strong>SSL- bzw. TLS-Verschl\u00fcsselung<br><\/strong>Diese Seite nutzt aus Sicherheitsgr\u00fcnden und zum Schutz der \u00dcbertragung vertraulicher Inhalte, wie zum Beispiel Bestellungen oder Anfragen, die Sie an uns als Seitenbetreiber senden, eine SSL-bzw. TLS-Verschl\u00fcsselung. Eine verschl\u00fcsselte Verbindung erkennen Sie daran, dass die Adresszeile des Browsers von \u201ehttp:\/\/\u201c auf \u201ehttps:\/\/\u201c wechselt und an dem Schloss-Symbol in Ihrer Browserzeile. Wenn die SSL- bzw. TLS-Verschl\u00fcsselung aktiviert ist, k\u00f6nnen die Daten, die Sie an uns \u00fcbermitteln, nicht von Dritten mitgelesen werden.<\/p>\n\n\n\n<p><strong>Auskunft, Sperrung, L\u00f6schung<br><\/strong>Sie haben im Rahmen der geltenden gesetzlichen Bestimmungen jederzeit das Recht auf unentgeltliche Auskunft \u00fcber Ihre gespeicherten personenbezogenen Daten, deren Herkunft und Empf\u00e4nger und den Zweck der Datenverarbeitung und ggf. ein Recht auf Berichtigung, Sperrung oder L\u00f6schung dieser Daten. Hierzu sowie zu weiteren Fragen zum Thema personenbezogene Daten k\u00f6nnen Sie sich jederzeit unter der im Impressum angegebenen Adresse an uns wenden.<\/p>\n\n\n\n<p><strong>Widerspruch gegen Werbe-Mails<br><\/strong>Der Nutzung von im Rahmen der Impressumspflicht ver\u00f6ffentlichten Kontaktdaten zur \u00dcbersendung von nicht ausdr\u00fccklich angeforderter Werbung und Informationsmaterialien wird hiermit widersprochen. Die Betreiber der Seiten behalten sich ausdr\u00fccklich rechtliche Schritte im Falle der unverlangten Zusendung von Werbeinformationen, etwa durch Spam-E-Mails, vor.<\/p>\n\n\n\n<p><strong>Datenerfassung auf unserer Website:<\/strong><\/p>\n\n\n\n<p><strong>Server-Log-Dateien<br><\/strong>Der Provider der Seiten erhebt und speichert automatisch Informationen in so genannten Server-Log- Dateien, die Ihr Browser automatisch an uns \u00fcbermittelt. Dies sind:<br>\u2014 Browsertyp und Browserversion<br>\u2014 verwendetes Betriebssystem<br>\u2014 Referrer URL<br>\u2014 Hostname des zugreifenden Rechners<br>\u2014 Uhrzeit der Serveranfrage<br>\u2014 IP-Adresse<\/p>\n\n\n\n<p>Eine Zusammenf\u00fchrung dieser Daten mit anderen Datenquellen wird nicht vorgenommen. Grundlage f\u00fcr die Datenverarbeitung ist Art. 6 Abs. 1 lit. f DSGVO, der die Verarbeitung von Daten zur Erf\u00fcllung eines Vertrags oder vorvertraglicher Ma\u00dfnahmen gestattet.<\/p>\n\n\n\n<p><strong>Kontaktformular<br><\/strong>Wenn Sie uns per Kontaktformular Anfragen zukommen lassen, werden Ihre Angaben aus dem Anfrageformular inklusive der von Ihnen dort angegebenen Kontaktdaten zwecks Bearbeitung der Anfrage und f\u00fcr den Fall von Anschlussfragen bei uns gespeichert. Diese Daten geben wir nicht ohne Ihre Einwilligung weiter. Die Verarbeitung der in das Kontaktformular eingegebenen Daten erfolgt somit ausschlie\u00dflich auf Grundlage Ihrer Einwilligung (Art. 6 Abs. 1 lit. a DSGVO). Sie k\u00f6nnen diese Einwilligung jederzeit widerrufen. Dazu reicht eine formlose Mitteilung per E-Mail an uns. Die Rechtm\u00e4\u00dfigkeit der bis zum Widerruf erfolgten Datenverarbeitungsvorg\u00e4nge bleibt vom Widerruf unber\u00fchrt. Die von Ihnen im Kontaktformular eingegebenen Daten verbleiben bei uns, bis Sie uns zur L\u00f6schung auffordern, Ihre Einwilligung zur Speicherung widerrufen oder der Zweck f\u00fcr die Datenspeicherung entf\u00e4llt (z.B. nach abgeschlossener Bearbeitung Ihrer Anfrage). Zwingende gesetzliche Bestimmungen \u2014 insbesondere Aufbewahrungsfristen \u2014 bleiben unber\u00fchrt.<\/p>\n","protected":false},"excerpt":{"rendered":"<p>Die freie W\u00e4hlergemeinschaft B\u00fcrger f\u00fcr Wetter wird repr\u00e4sentiert vom1. Vorsitzenden Thorsten MichaelisParacelsusstra\u00dfe 5, 58300 Wetter (Ruhr)\u00a0webmaster@buergerfuerwetter.de Kontakt:B\u00fcrger f\u00fcr WetterThorsten Michaelis, Paracelsusstr. 5, 58300 Wetter &#8211; VolmarsteinTelefon: +49 173 2830050E-Mail: webmaster@buergerfuerwetter.de Redaktionell verantwortlich:Thorsten MichaelisParacelsusstra\u00dfe 5,58300 Wetter Verbraucherstreitbeilegung\/Universalschlichtungsstelle:Wir sind nicht bereit oder verpflichtet, an Streitbeilegungsverfahren vor einer Verbraucherschlichtungsstelle teilzunehmen. Haftungshinweis:Alle Informationen werden sorgf\u00e4ltig gepr\u00fcft. F\u00fcr die Richtigkeit [&hellip;]<\/p>\n","protected":false},"author":1,"featured_media":0,"parent":0,"menu_order":0,"comment_status":"closed","ping_status":"open","template":"","meta":{"footnotes":""},"class_list":["post-3","page","type-page","status-publish","hentry"],"yoast_head":"<!-- This site is optimized with the Yoast SEO plugin v27.5 - https:\/\/yoast.com\/product\/yoast-seo-wordpress\/ -->\n<title>Impressum \/ Datenschutzerkl\u00e4rung - B&uuml;rger f&uuml;r Wetter<\/title>\n<meta name=\"description\" content=\"Freie W\u00e4hlergemeinschaft B\u00fcrger f\u00fcr Wetter - Datenschutzerkl\u00e4rung und Impressum\" \/>\n<meta name=\"robots\" content=\"index, follow, max-snippet:-1, max-image-preview:large, max-video-preview:-1\" \/>\n<link rel=\"canonical\" href=\"https:\/\/buergerfuerwetter.de\/index.php\/privacy-policy\/\" \/>\n<meta property=\"og:locale\" content=\"de_DE\" \/>\n<meta property=\"og:type\" content=\"article\" \/>\n<meta property=\"og:title\" content=\"Impressum \/ Datenschutzerkl\u00e4rung - B&uuml;rger f&uuml;r Wetter\" \/>\n<meta property=\"og:description\" content=\"Freie W\u00e4hlergemeinschaft B\u00fcrger f\u00fcr Wetter - Datenschutzerkl\u00e4rung und Impressum\" \/>\n<meta property=\"og:url\" content=\"https:\/\/buergerfuerwetter.de\/index.php\/privacy-policy\/\" \/>\n<meta property=\"og:site_name\" content=\"B&uuml;rger f&uuml;r Wetter\" \/>\n<meta property=\"article:publisher\" content=\"https:\/\/www.facebook.com\/buergerfuerwetter\" \/>\n<meta property=\"article:modified_time\" content=\"2025-07-20T11:23:17+00:00\" \/>\n<meta name=\"twitter:card\" content=\"summary_large_image\" \/>\n<meta name=\"twitter:label1\" content=\"Gesch\u00e4tzte Lesezeit\" \/>\n\t<meta name=\"twitter:data1\" content=\"8\u00a0Minuten\" \/>\n<script type=\"application\/ld+json\" class=\"yoast-schema-graph\">{\"@context\":\"https:\\\/\\\/schema.org\",\"@graph\":[{\"@type\":\"WebPage\",\"@id\":\"https:\\\/\\\/buergerfuerwetter.de\\\/index.php\\\/privacy-policy\\\/\",\"url\":\"https:\\\/\\\/buergerfuerwetter.de\\\/index.php\\\/privacy-policy\\\/\",\"name\":\"Impressum \\\/ Datenschutzerkl\u00e4rung - B&uuml;rger f&uuml;r Wetter\",\"isPartOf\":{\"@id\":\"https:\\\/\\\/buergerfuerwetter.de\\\/#website\"},\"datePublished\":\"2025-05-17T14:12:57+00:00\",\"dateModified\":\"2025-07-20T11:23:17+00:00\",\"description\":\"Freie W\u00e4hlergemeinschaft B\u00fcrger f\u00fcr Wetter - Datenschutzerkl\u00e4rung und Impressum\",\"breadcrumb\":{\"@id\":\"https:\\\/\\\/buergerfuerwetter.de\\\/index.php\\\/privacy-policy\\\/#breadcrumb\"},\"inLanguage\":\"de\",\"potentialAction\":[{\"@type\":\"ReadAction\",\"target\":[\"https:\\\/\\\/buergerfuerwetter.de\\\/index.php\\\/privacy-policy\\\/\"]}]},{\"@type\":\"BreadcrumbList\",\"@id\":\"https:\\\/\\\/buergerfuerwetter.de\\\/index.php\\\/privacy-policy\\\/#breadcrumb\",\"itemListElement\":[{\"@type\":\"ListItem\",\"position\":1,\"name\":\"Startseite\",\"item\":\"https:\\\/\\\/buergerfuerwetter.de\\\/\"},{\"@type\":\"ListItem\",\"position\":2,\"name\":\"Impressum \\\/ Datenschutzerkl\u00e4rung\"}]},{\"@type\":\"WebSite\",\"@id\":\"https:\\\/\\\/buergerfuerwetter.de\\\/#website\",\"url\":\"https:\\\/\\\/buergerfuerwetter.de\\\/\",\"name\":\"B\u00fcrger f\u00fcr Wetter\",\"description\":\"\",\"publisher\":{\"@id\":\"https:\\\/\\\/buergerfuerwetter.de\\\/#organization\"},\"potentialAction\":[{\"@type\":\"SearchAction\",\"target\":{\"@type\":\"EntryPoint\",\"urlTemplate\":\"https:\\\/\\\/buergerfuerwetter.de\\\/?s={search_term_string}\"},\"query-input\":{\"@type\":\"PropertyValueSpecification\",\"valueRequired\":true,\"valueName\":\"search_term_string\"}}],\"inLanguage\":\"de\"},{\"@type\":\"Organization\",\"@id\":\"https:\\\/\\\/buergerfuerwetter.de\\\/#organization\",\"name\":\"B\u00fcrger f\u00fcr Wetter\",\"url\":\"https:\\\/\\\/buergerfuerwetter.de\\\/\",\"logo\":{\"@type\":\"ImageObject\",\"inLanguage\":\"de\",\"@id\":\"https:\\\/\\\/buergerfuerwetter.de\\\/#\\\/schema\\\/logo\\\/image\\\/\",\"url\":\"https:\\\/\\\/buergerfuerwetter.de\\\/wp-content\\\/uploads\\\/2025\\\/05\\\/Logo-ohne-Hintergrund-scaled.png\",\"contentUrl\":\"https:\\\/\\\/buergerfuerwetter.de\\\/wp-content\\\/uploads\\\/2025\\\/05\\\/Logo-ohne-Hintergrund-scaled.png\",\"width\":1921,\"height\":2560,\"caption\":\"B\u00fcrger f\u00fcr Wetter\"},\"image\":{\"@id\":\"https:\\\/\\\/buergerfuerwetter.de\\\/#\\\/schema\\\/logo\\\/image\\\/\"},\"sameAs\":[\"https:\\\/\\\/www.facebook.com\\\/buergerfuerwetter\"]}]}<\/script>\n<!-- \/ Yoast SEO plugin. -->","yoast_head_json":{"title":"Impressum \/ Datenschutzerkl\u00e4rung - B&uuml;rger f&uuml;r Wetter","description":"Freie W\u00e4hlergemeinschaft B\u00fcrger f\u00fcr Wetter - Datenschutzerkl\u00e4rung und Impressum","robots":{"index":"index","follow":"follow","max-snippet":"max-snippet:-1","max-image-preview":"max-image-preview:large","max-video-preview":"max-video-preview:-1"},"canonical":"https:\/\/buergerfuerwetter.de\/index.php\/privacy-policy\/","og_locale":"de_DE","og_type":"article","og_title":"Impressum \/ Datenschutzerkl\u00e4rung - B&uuml;rger f&uuml;r Wetter","og_description":"Freie W\u00e4hlergemeinschaft B\u00fcrger f\u00fcr Wetter - Datenschutzerkl\u00e4rung und Impressum","og_url":"https:\/\/buergerfuerwetter.de\/index.php\/privacy-policy\/","og_site_name":"B&uuml;rger f&uuml;r Wetter","article_publisher":"https:\/\/www.facebook.com\/buergerfuerwetter","article_modified_time":"2025-07-20T11:23:17+00:00","twitter_card":"summary_large_image","twitter_misc":{"Gesch\u00e4tzte Lesezeit":"8\u00a0Minuten"},"schema":{"@context":"https:\/\/schema.org","@graph":[{"@type":"WebPage","@id":"https:\/\/buergerfuerwetter.de\/index.php\/privacy-policy\/","url":"https:\/\/buergerfuerwetter.de\/index.php\/privacy-policy\/","name":"Impressum \/ Datenschutzerkl\u00e4rung - B&uuml;rger f&uuml;r Wetter","isPartOf":{"@id":"https:\/\/buergerfuerwetter.de\/#website"},"datePublished":"2025-05-17T14:12:57+00:00","dateModified":"2025-07-20T11:23:17+00:00","description":"Freie W\u00e4hlergemeinschaft B\u00fcrger f\u00fcr Wetter - Datenschutzerkl\u00e4rung und Impressum","breadcrumb":{"@id":"https:\/\/buergerfuerwetter.de\/index.php\/privacy-policy\/#breadcrumb"},"inLanguage":"de","potentialAction":[{"@type":"ReadAction","target":["https:\/\/buergerfuerwetter.de\/index.php\/privacy-policy\/"]}]},{"@type":"BreadcrumbList","@id":"https:\/\/buergerfuerwetter.de\/index.php\/privacy-policy\/#breadcrumb","itemListElement":[{"@type":"ListItem","position":1,"name":"Startseite","item":"https:\/\/buergerfuerwetter.de\/"},{"@type":"ListItem","position":2,"name":"Impressum \/ Datenschutzerkl\u00e4rung"}]},{"@type":"WebSite","@id":"https:\/\/buergerfuerwetter.de\/#website","url":"https:\/\/buergerfuerwetter.de\/","name":"B\u00fcrger f\u00fcr Wetter","description":"","publisher":{"@id":"https:\/\/buergerfuerwetter.de\/#organization"},"potentialAction":[{"@type":"SearchAction","target":{"@type":"EntryPoint","urlTemplate":"https:\/\/buergerfuerwetter.de\/?s={search_term_string}"},"query-input":{"@type":"PropertyValueSpecification","valueRequired":true,"valueName":"search_term_string"}}],"inLanguage":"de"},{"@type":"Organization","@id":"https:\/\/buergerfuerwetter.de\/#organization","name":"B\u00fcrger f\u00fcr Wetter","url":"https:\/\/buergerfuerwetter.de\/","logo":{"@type":"ImageObject","inLanguage":"de","@id":"https:\/\/buergerfuerwetter.de\/#\/schema\/logo\/image\/","url":"https:\/\/buergerfuerwetter.de\/wp-content\/uploads\/2025\/05\/Logo-ohne-Hintergrund-scaled.png","contentUrl":"https:\/\/buergerfuerwetter.de\/wp-content\/uploads\/2025\/05\/Logo-ohne-Hintergrund-scaled.png","width":1921,"height":2560,"caption":"B\u00fcrger f\u00fcr Wetter"},"image":{"@id":"https:\/\/buergerfuerwetter.de\/#\/schema\/logo\/image\/"},"sameAs":["https:\/\/www.facebook.com\/buergerfuerwetter"]}]}},"_links":{"self":[{"href":"https:\/\/buergerfuerwetter.de\/index.php\/wp-json\/wp\/v2\/pages\/3","targetHints":{"allow":["GET"]}}],"collection":[{"href":"https:\/\/buergerfuerwetter.de\/index.php\/wp-json\/wp\/v2\/pages"}],"about":[{"href":"https:\/\/buergerfuerwetter.de\/index.php\/wp-json\/wp\/v2\/types\/page"}],"author":[{"embeddable":true,"href":"https:\/\/buergerfuerwetter.de\/index.php\/wp-json\/wp\/v2\/users\/1"}],"replies":[{"embeddable":true,"href":"https:\/\/buergerfuerwetter.de\/index.php\/wp-json\/wp\/v2\/comments?post=3"}],"version-history":[{"count":7,"href":"https:\/\/buergerfuerwetter.de\/index.php\/wp-json\/wp\/v2\/pages\/3\/revisions"}],"predecessor-version":[{"id":637,"href":"https:\/\/buergerfuerwetter.de\/index.php\/wp-json\/wp\/v2\/pages\/3\/revisions\/637"}],"wp:attachment":[{"href":"https:\/\/buergerfuerwetter.de\/index.php\/wp-json\/wp\/v2\/media?parent=3"}],"curies":[{"name":"wp","href":"https:\/\/api.w.org\/{rel}","templated":true}]}}