{"id":53,"date":"2025-07-02T21:06:40","date_gmt":"2025-07-02T21:06:40","guid":{"rendered":"https:\/\/xn--brgerfrwetter-wobf.eu\/?page_id=53"},"modified":"2025-10-29T19:12:05","modified_gmt":"2025-10-29T18:12:05","slug":"ueber-uns","status":"publish","type":"page","link":"https:\/\/buergerfuerwetter.de\/index.php\/ueber-uns\/","title":{"rendered":"\u00dcber Uns"},"content":{"rendered":"<div  class='flex_column av-aibn1-6175d613189eaff7e9cf4b2b4ee67e46 av_one_half  avia-builder-el-0  el_before_av_one_half  avia-builder-el-first  first flex_column_div  '     ><section  class='av_textblock_section av-3a3h-4c84f2bc30099db82e88df4228aa47e1 '   itemscope=\"itemscope\" itemtype=\"https:\/\/schema.org\/CreativeWork\" ><div class='avia_textblock'  itemprop=\"text\" ><h2>Vorstand<\/h2>\n<p>Erster Vorsitzender: Thorsten Michaelis, Volmarstein<\/p>\n<p>Kassierer: Gerd Michaelis, Alt-Wetter<br \/>\nBeisitzer: Wilfried Konietzko,\u00a0 Alt-Wetter<br \/>\nSchriftwart: Dr. Sandra Michaelis,\u00a0 Volmarstein<\/p>\n<h2>Fraktion<\/h2>\n<p>Ratsmitglied Gerd Michaelis (Fraktionsvorsitz)<br \/>\nRatsmitglied Thorsten Michaelis (stellv. Fraktionsvorsitzender)<\/p>\n<p>eMail:\u00a0<a href=\"mailto:fraktion%40buergerfuerwetter.de?subject=Fraktion&amp;body=%20\">Fraktion@buergerfuerwetter.de<\/a><\/p>\n<h2>Sachkundige B\u00fcrger<\/h2>\n<p>Alexandra Br\u00fcck, Alt-Wetter<br \/>\nWilfried Konietzko, Alt-Wetter<br \/>\nMatthias K\u00fcstermann, Volmarstein-Grundsch\u00f6ttel<br \/>\nHans-Werner Lichey, Wengern-Albringhausen<br \/>\nThorsten Michaelis, Volmarstein<br \/>\nDr. Sandra Michaelis, Volmarstein<br \/>\nFalk Michaelis, Volmarstein &#8211; Grundsch\u00f6ttel<br \/>\nDirk Moldenhauer-Br\u00fcck, Alt-Wetter<br \/>\nGerd Michaelis, Alt-Wetter<br \/>\nChristiane Specht, Alt-Wetter<br \/>\nUwe Wanderer-Specht, Alt Wetter<br \/>\nChristian Wittek, Volmarstein<\/p>\n<p>eMail:\u00a0<a href=\"mailto:info@buergerfuerwetter.de\">info@buergerfuerwetter.de<\/a><\/p>\n<\/div><\/section><\/div><div  class='flex_column av-a0pm1-44f867b2262ed45185fc0a060db9ad70 av_one_half  avia-builder-el-2  el_after_av_one_half  el_before_av_one_half  flex_column_div  '     ><div  class='avia-slideshow av-mcq9xke7-1d971e849253297bae111cc3f23748c5 avia-slideshow-no scaling av_slideshow avia-slide-slider  avia-builder-el-3  avia-builder-el-no-sibling  av-slideshow-ui av-control-default av-slideshow-autoplay av-loop-endless av-loop-manual-endless av-default-height-applied avia-slideshow-1' data-slideshow-options=\"{&quot;animation&quot;:&quot;slide&quot;,&quot;autoplay&quot;:true,&quot;loop_autoplay&quot;:&quot;endless&quot;,&quot;interval&quot;:5,&quot;loop_manual&quot;:&quot;manual-endless&quot;,&quot;autoplay_stopper&quot;:false,&quot;noNavigation&quot;:false,&quot;bg_slider&quot;:false,&quot;transitionSpeed&quot;:100,&quot;keep_padding&quot;:false,&quot;hoverpause&quot;:false,&quot;show_slide_delay&quot;:0}\"  itemprop=\"image\" itemscope=\"itemscope\" itemtype=\"https:\/\/schema.org\/ImageObject\" ><ul class='avia-slideshow-inner ' style='padding-bottom: 100%;'><li  class='avia-slideshow-slide av-mcq9xke7-1d971e849253297bae111cc3f23748c5__0  slide-1 slide-odd'><div data-rel='slideshow-1' class='avia-slide-wrap '   ><img decoding=\"async\" fetchpriority=\"high\" class=\"wp-image-61 avia-img-lazy-loading-not-61\"  src=\"https:\/\/buergerfuerwetter.de\/wp-content\/uploads\/2025\/07\/FB_Logo.png\" width=\"500\" height=\"500\" title='FB_Logo' alt=''  itemprop=\"thumbnailUrl\" srcset=\"https:\/\/buergerfuerwetter.de\/wp-content\/uploads\/2025\/07\/FB_Logo.png 500w, https:\/\/buergerfuerwetter.de\/wp-content\/uploads\/2025\/07\/FB_Logo-300x300.png 300w, https:\/\/buergerfuerwetter.de\/wp-content\/uploads\/2025\/07\/FB_Logo-80x80.png 80w, https:\/\/buergerfuerwetter.de\/wp-content\/uploads\/2025\/07\/FB_Logo-36x36.png 36w, https:\/\/buergerfuerwetter.de\/wp-content\/uploads\/2025\/07\/FB_Logo-180x180.png 180w\" sizes=\"(max-width: 500px) 100vw, 500px\" \/><\/div><\/li><li  class='avia-slideshow-slide av-mcq9xke7-1d971e849253297bae111cc3f23748c5__1  slide-2 slide-even'><div data-rel='slideshow-1' class='avia-slide-wrap '   ><img decoding=\"async\" fetchpriority=\"high\" class=\"wp-image-105 avia-img-lazy-loading-not-105\"  src=\"https:\/\/buergerfuerwetter.de\/wp-content\/uploads\/2025\/07\/Thorsten-1-scaled.jpg\" width=\"1707\" height=\"2560\" title='Thorsten 1' alt=''  itemprop=\"thumbnailUrl\" srcset=\"https:\/\/buergerfuerwetter.de\/wp-content\/uploads\/2025\/07\/Thorsten-1-scaled.jpg 1707w, https:\/\/buergerfuerwetter.de\/wp-content\/uploads\/2025\/07\/Thorsten-1-200x300.jpg 200w, https:\/\/buergerfuerwetter.de\/wp-content\/uploads\/2025\/07\/Thorsten-1-687x1030.jpg 687w, https:\/\/buergerfuerwetter.de\/wp-content\/uploads\/2025\/07\/Thorsten-1-768x1152.jpg 768w, https:\/\/buergerfuerwetter.de\/wp-content\/uploads\/2025\/07\/Thorsten-1-1024x1536.jpg 1024w, https:\/\/buergerfuerwetter.de\/wp-content\/uploads\/2025\/07\/Thorsten-1-1365x2048.jpg 1365w, https:\/\/buergerfuerwetter.de\/wp-content\/uploads\/2025\/07\/Thorsten-1-1000x1500.jpg 1000w, https:\/\/buergerfuerwetter.de\/wp-content\/uploads\/2025\/07\/Thorsten-1-470x705.jpg 470w\" sizes=\"(max-width: 1707px) 100vw, 1707px\" \/><\/div><\/li><li  class='avia-slideshow-slide av-mcq9xke7-1d971e849253297bae111cc3f23748c5__2  slide-3 slide-odd'><div data-rel='slideshow-1' class='avia-slide-wrap '   ><img decoding=\"async\" fetchpriority=\"high\" class=\"wp-image-98 avia-img-lazy-loading-not-98\"  src=\"https:\/\/buergerfuerwetter.de\/wp-content\/uploads\/2025\/07\/Gerd-3-scaled.jpg\" width=\"1707\" height=\"2560\" title='Gerd 3' alt=''  itemprop=\"thumbnailUrl\" srcset=\"https:\/\/buergerfuerwetter.de\/wp-content\/uploads\/2025\/07\/Gerd-3-scaled.jpg 1707w, https:\/\/buergerfuerwetter.de\/wp-content\/uploads\/2025\/07\/Gerd-3-200x300.jpg 200w, https:\/\/buergerfuerwetter.de\/wp-content\/uploads\/2025\/07\/Gerd-3-687x1030.jpg 687w, https:\/\/buergerfuerwetter.de\/wp-content\/uploads\/2025\/07\/Gerd-3-768x1152.jpg 768w, https:\/\/buergerfuerwetter.de\/wp-content\/uploads\/2025\/07\/Gerd-3-1024x1536.jpg 1024w, https:\/\/buergerfuerwetter.de\/wp-content\/uploads\/2025\/07\/Gerd-3-1365x2048.jpg 1365w, https:\/\/buergerfuerwetter.de\/wp-content\/uploads\/2025\/07\/Gerd-3-1000x1500.jpg 1000w, https:\/\/buergerfuerwetter.de\/wp-content\/uploads\/2025\/07\/Gerd-3-470x705.jpg 470w\" sizes=\"(max-width: 1707px) 100vw, 1707px\" \/><\/div><\/li><li  class='avia-slideshow-slide av-mcq9xke7-1d971e849253297bae111cc3f23748c5__3  slide-4 slide-even'><div data-rel='slideshow-1' class='avia-slide-wrap '   ><img decoding=\"async\" fetchpriority=\"high\" class=\"wp-image-101 avia-img-lazy-loading-not-101\"  src=\"https:\/\/buergerfuerwetter.de\/wp-content\/uploads\/2025\/07\/Sandra-1-scaled.jpg\" width=\"1707\" height=\"2560\" title='Sandra 1' alt=''  itemprop=\"thumbnailUrl\" srcset=\"https:\/\/buergerfuerwetter.de\/wp-content\/uploads\/2025\/07\/Sandra-1-scaled.jpg 1707w, https:\/\/buergerfuerwetter.de\/wp-content\/uploads\/2025\/07\/Sandra-1-200x300.jpg 200w, https:\/\/buergerfuerwetter.de\/wp-content\/uploads\/2025\/07\/Sandra-1-687x1030.jpg 687w, https:\/\/buergerfuerwetter.de\/wp-content\/uploads\/2025\/07\/Sandra-1-768x1152.jpg 768w, https:\/\/buergerfuerwetter.de\/wp-content\/uploads\/2025\/07\/Sandra-1-1024x1536.jpg 1024w, https:\/\/buergerfuerwetter.de\/wp-content\/uploads\/2025\/07\/Sandra-1-1365x2048.jpg 1365w, https:\/\/buergerfuerwetter.de\/wp-content\/uploads\/2025\/07\/Sandra-1-1000x1500.jpg 1000w, https:\/\/buergerfuerwetter.de\/wp-content\/uploads\/2025\/07\/Sandra-1-470x705.jpg 470w\" sizes=\"(max-width: 1707px) 100vw, 1707px\" \/><\/div><\/li><li  class='avia-slideshow-slide av-mcq9xke7-1d971e849253297bae111cc3f23748c5__4  slide-5 slide-odd'><div data-rel='slideshow-1' class='avia-slide-wrap '   ><img decoding=\"async\" fetchpriority=\"high\" class=\"wp-image-108 avia-img-lazy-loading-not-108\"  src=\"https:\/\/buergerfuerwetter.de\/wp-content\/uploads\/2025\/07\/Wilfried-scaled.jpg\" width=\"1707\" height=\"2560\" title='Wilfried' alt=''  itemprop=\"thumbnailUrl\" srcset=\"https:\/\/buergerfuerwetter.de\/wp-content\/uploads\/2025\/07\/Wilfried-scaled.jpg 1707w, https:\/\/buergerfuerwetter.de\/wp-content\/uploads\/2025\/07\/Wilfried-200x300.jpg 200w, https:\/\/buergerfuerwetter.de\/wp-content\/uploads\/2025\/07\/Wilfried-687x1030.jpg 687w, https:\/\/buergerfuerwetter.de\/wp-content\/uploads\/2025\/07\/Wilfried-768x1152.jpg 768w, https:\/\/buergerfuerwetter.de\/wp-content\/uploads\/2025\/07\/Wilfried-1024x1536.jpg 1024w, https:\/\/buergerfuerwetter.de\/wp-content\/uploads\/2025\/07\/Wilfried-1365x2048.jpg 1365w, https:\/\/buergerfuerwetter.de\/wp-content\/uploads\/2025\/07\/Wilfried-1000x1500.jpg 1000w, https:\/\/buergerfuerwetter.de\/wp-content\/uploads\/2025\/07\/Wilfried-470x705.jpg 470w\" sizes=\"(max-width: 1707px) 100vw, 1707px\" \/><\/div><\/li><li  class='avia-slideshow-slide av-mcq9xke7-1d971e849253297bae111cc3f23748c5__5  slide-6 slide-even'><div data-rel='slideshow-1' class='avia-slide-wrap '   ><img decoding=\"async\" fetchpriority=\"high\" class=\"wp-image-107 avia-img-lazy-loading-not-107\"  src=\"https:\/\/buergerfuerwetter.de\/wp-content\/uploads\/2025\/07\/Uwe-scaled.jpg\" width=\"1707\" height=\"2560\" title='Uwe' alt=''  itemprop=\"thumbnailUrl\" srcset=\"https:\/\/buergerfuerwetter.de\/wp-content\/uploads\/2025\/07\/Uwe-scaled.jpg 1707w, https:\/\/buergerfuerwetter.de\/wp-content\/uploads\/2025\/07\/Uwe-200x300.jpg 200w, https:\/\/buergerfuerwetter.de\/wp-content\/uploads\/2025\/07\/Uwe-687x1030.jpg 687w, https:\/\/buergerfuerwetter.de\/wp-content\/uploads\/2025\/07\/Uwe-768x1152.jpg 768w, https:\/\/buergerfuerwetter.de\/wp-content\/uploads\/2025\/07\/Uwe-1024x1536.jpg 1024w, https:\/\/buergerfuerwetter.de\/wp-content\/uploads\/2025\/07\/Uwe-1365x2048.jpg 1365w, https:\/\/buergerfuerwetter.de\/wp-content\/uploads\/2025\/07\/Uwe-1000x1500.jpg 1000w, https:\/\/buergerfuerwetter.de\/wp-content\/uploads\/2025\/07\/Uwe-470x705.jpg 470w\" sizes=\"(max-width: 1707px) 100vw, 1707px\" \/><\/div><\/li><li  class='avia-slideshow-slide av-mcq9xke7-1d971e849253297bae111cc3f23748c5__6  slide-7 slide-odd'><div data-rel='slideshow-1' class='avia-slide-wrap '   ><img decoding=\"async\" fetchpriority=\"high\" class=\"wp-image-100 avia-img-lazy-loading-not-100\"  src=\"https:\/\/buergerfuerwetter.de\/wp-content\/uploads\/2025\/07\/Matthias-1-scaled.jpg\" width=\"1707\" height=\"2560\" title='Matthias 1' alt=''  itemprop=\"thumbnailUrl\" srcset=\"https:\/\/buergerfuerwetter.de\/wp-content\/uploads\/2025\/07\/Matthias-1-scaled.jpg 1707w, https:\/\/buergerfuerwetter.de\/wp-content\/uploads\/2025\/07\/Matthias-1-200x300.jpg 200w, https:\/\/buergerfuerwetter.de\/wp-content\/uploads\/2025\/07\/Matthias-1-687x1030.jpg 687w, https:\/\/buergerfuerwetter.de\/wp-content\/uploads\/2025\/07\/Matthias-1-768x1152.jpg 768w, https:\/\/buergerfuerwetter.de\/wp-content\/uploads\/2025\/07\/Matthias-1-1024x1536.jpg 1024w, https:\/\/buergerfuerwetter.de\/wp-content\/uploads\/2025\/07\/Matthias-1-1365x2048.jpg 1365w, https:\/\/buergerfuerwetter.de\/wp-content\/uploads\/2025\/07\/Matthias-1-1000x1500.jpg 1000w, https:\/\/buergerfuerwetter.de\/wp-content\/uploads\/2025\/07\/Matthias-1-470x705.jpg 470w\" sizes=\"(max-width: 1707px) 100vw, 1707px\" \/><\/div><\/li><li  class='avia-slideshow-slide av-mcq9xke7-1d971e849253297bae111cc3f23748c5__7  slide-8 slide-even'><div data-rel='slideshow-1' class='avia-slide-wrap '   ><img decoding=\"async\" fetchpriority=\"high\" class=\"wp-image-99 avia-img-lazy-loading-not-99\"  src=\"https:\/\/buergerfuerwetter.de\/wp-content\/uploads\/2025\/07\/HW-scaled.jpg\" width=\"1707\" height=\"2560\" title='HW' alt=''  itemprop=\"thumbnailUrl\" srcset=\"https:\/\/buergerfuerwetter.de\/wp-content\/uploads\/2025\/07\/HW-scaled.jpg 1707w, https:\/\/buergerfuerwetter.de\/wp-content\/uploads\/2025\/07\/HW-200x300.jpg 200w, https:\/\/buergerfuerwetter.de\/wp-content\/uploads\/2025\/07\/HW-687x1030.jpg 687w, https:\/\/buergerfuerwetter.de\/wp-content\/uploads\/2025\/07\/HW-768x1152.jpg 768w, https:\/\/buergerfuerwetter.de\/wp-content\/uploads\/2025\/07\/HW-1024x1536.jpg 1024w, https:\/\/buergerfuerwetter.de\/wp-content\/uploads\/2025\/07\/HW-1365x2048.jpg 1365w, https:\/\/buergerfuerwetter.de\/wp-content\/uploads\/2025\/07\/HW-1000x1500.jpg 1000w, https:\/\/buergerfuerwetter.de\/wp-content\/uploads\/2025\/07\/HW-470x705.jpg 470w\" sizes=\"(max-width: 1707px) 100vw, 1707px\" \/><\/div><\/li><li  class='avia-slideshow-slide av-mcq9xke7-1d971e849253297bae111cc3f23748c5__8  slide-9 slide-odd'><div data-rel='slideshow-1' class='avia-slide-wrap '   ><img decoding=\"async\" fetchpriority=\"high\" class=\"wp-image-94 avia-img-lazy-loading-not-94\"  src=\"https:\/\/buergerfuerwetter.de\/wp-content\/uploads\/2025\/07\/Falk-1-scaled.jpg\" width=\"1707\" height=\"2560\" title='Falk 1' alt=''  itemprop=\"thumbnailUrl\" srcset=\"https:\/\/buergerfuerwetter.de\/wp-content\/uploads\/2025\/07\/Falk-1-scaled.jpg 1707w, https:\/\/buergerfuerwetter.de\/wp-content\/uploads\/2025\/07\/Falk-1-200x300.jpg 200w, https:\/\/buergerfuerwetter.de\/wp-content\/uploads\/2025\/07\/Falk-1-687x1030.jpg 687w, https:\/\/buergerfuerwetter.de\/wp-content\/uploads\/2025\/07\/Falk-1-768x1152.jpg 768w, https:\/\/buergerfuerwetter.de\/wp-content\/uploads\/2025\/07\/Falk-1-1024x1536.jpg 1024w, https:\/\/buergerfuerwetter.de\/wp-content\/uploads\/2025\/07\/Falk-1-1365x2048.jpg 1365w, https:\/\/buergerfuerwetter.de\/wp-content\/uploads\/2025\/07\/Falk-1-1000x1500.jpg 1000w, https:\/\/buergerfuerwetter.de\/wp-content\/uploads\/2025\/07\/Falk-1-470x705.jpg 470w\" sizes=\"(max-width: 1707px) 100vw, 1707px\" \/><\/div><\/li><li  class='avia-slideshow-slide av-mcq9xke7-1d971e849253297bae111cc3f23748c5__9  slide-10 slide-even'><div data-rel='slideshow-1' class='avia-slide-wrap '   ><img decoding=\"async\" fetchpriority=\"high\" class=\"wp-image-92 avia-img-lazy-loading-not-92\"  src=\"https:\/\/buergerfuerwetter.de\/wp-content\/uploads\/2025\/07\/Dirk--scaled.jpg\" width=\"1707\" height=\"2560\" title='Dirk' alt=''  itemprop=\"thumbnailUrl\" srcset=\"https:\/\/buergerfuerwetter.de\/wp-content\/uploads\/2025\/07\/Dirk--scaled.jpg 1707w, https:\/\/buergerfuerwetter.de\/wp-content\/uploads\/2025\/07\/Dirk--200x300.jpg 200w, https:\/\/buergerfuerwetter.de\/wp-content\/uploads\/2025\/07\/Dirk--687x1030.jpg 687w, https:\/\/buergerfuerwetter.de\/wp-content\/uploads\/2025\/07\/Dirk--768x1152.jpg 768w, https:\/\/buergerfuerwetter.de\/wp-content\/uploads\/2025\/07\/Dirk--1024x1536.jpg 1024w, https:\/\/buergerfuerwetter.de\/wp-content\/uploads\/2025\/07\/Dirk--1365x2048.jpg 1365w, https:\/\/buergerfuerwetter.de\/wp-content\/uploads\/2025\/07\/Dirk--1000x1500.jpg 1000w, https:\/\/buergerfuerwetter.de\/wp-content\/uploads\/2025\/07\/Dirk--470x705.jpg 470w\" sizes=\"(max-width: 1707px) 100vw, 1707px\" \/><\/div><\/li><li  class='avia-slideshow-slide av-mcq9xke7-1d971e849253297bae111cc3f23748c5__10  slide-11 slide-odd'><div data-rel='slideshow-1' class='avia-slide-wrap '   ><img decoding=\"async\" fetchpriority=\"high\" class=\"wp-image-95 avia-img-lazy-loading-not-95\"  src=\"https:\/\/buergerfuerwetter.de\/wp-content\/uploads\/2025\/07\/Frauke-scaled.jpg\" width=\"1707\" height=\"2560\" title='Frauke' alt=''  itemprop=\"thumbnailUrl\" srcset=\"https:\/\/buergerfuerwetter.de\/wp-content\/uploads\/2025\/07\/Frauke-scaled.jpg 1707w, https:\/\/buergerfuerwetter.de\/wp-content\/uploads\/2025\/07\/Frauke-200x300.jpg 200w, https:\/\/buergerfuerwetter.de\/wp-content\/uploads\/2025\/07\/Frauke-687x1030.jpg 687w, https:\/\/buergerfuerwetter.de\/wp-content\/uploads\/2025\/07\/Frauke-768x1152.jpg 768w, https:\/\/buergerfuerwetter.de\/wp-content\/uploads\/2025\/07\/Frauke-1024x1536.jpg 1024w, https:\/\/buergerfuerwetter.de\/wp-content\/uploads\/2025\/07\/Frauke-1365x2048.jpg 1365w, https:\/\/buergerfuerwetter.de\/wp-content\/uploads\/2025\/07\/Frauke-1000x1500.jpg 1000w, https:\/\/buergerfuerwetter.de\/wp-content\/uploads\/2025\/07\/Frauke-470x705.jpg 470w\" sizes=\"(max-width: 1707px) 100vw, 1707px\" \/><\/div><\/li><li  class='avia-slideshow-slide av-mcq9xke7-1d971e849253297bae111cc3f23748c5__11  slide-12 slide-even'><div data-rel='slideshow-1' class='avia-slide-wrap '   ><img decoding=\"async\" fetchpriority=\"high\" class=\"wp-image-87 avia-img-lazy-loading-not-87\"  src=\"https:\/\/buergerfuerwetter.de\/wp-content\/uploads\/2025\/07\/Alexandra-scaled.jpg\" width=\"1707\" height=\"2560\" title='Alexandra' alt=''  itemprop=\"thumbnailUrl\" srcset=\"https:\/\/buergerfuerwetter.de\/wp-content\/uploads\/2025\/07\/Alexandra-scaled.jpg 1707w, https:\/\/buergerfuerwetter.de\/wp-content\/uploads\/2025\/07\/Alexandra-200x300.jpg 200w, https:\/\/buergerfuerwetter.de\/wp-content\/uploads\/2025\/07\/Alexandra-687x1030.jpg 687w, https:\/\/buergerfuerwetter.de\/wp-content\/uploads\/2025\/07\/Alexandra-768x1152.jpg 768w, https:\/\/buergerfuerwetter.de\/wp-content\/uploads\/2025\/07\/Alexandra-1024x1536.jpg 1024w, https:\/\/buergerfuerwetter.de\/wp-content\/uploads\/2025\/07\/Alexandra-1365x2048.jpg 1365w, https:\/\/buergerfuerwetter.de\/wp-content\/uploads\/2025\/07\/Alexandra-1000x1500.jpg 1000w, https:\/\/buergerfuerwetter.de\/wp-content\/uploads\/2025\/07\/Alexandra-470x705.jpg 470w\" sizes=\"(max-width: 1707px) 100vw, 1707px\" \/><\/div><\/li><li  class='avia-slideshow-slide av-mcq9xke7-1d971e849253297bae111cc3f23748c5__12  slide-13 slide-odd'><div data-rel='slideshow-1' class='avia-slide-wrap '   ><img decoding=\"async\" fetchpriority=\"high\" class=\"wp-image-88 avia-img-lazy-loading-not-88\"  src=\"https:\/\/buergerfuerwetter.de\/wp-content\/uploads\/2025\/07\/Christian-1-scaled.jpg\" width=\"1707\" height=\"2560\" title='Christian 1' alt=''  itemprop=\"thumbnailUrl\" srcset=\"https:\/\/buergerfuerwetter.de\/wp-content\/uploads\/2025\/07\/Christian-1-scaled.jpg 1707w, https:\/\/buergerfuerwetter.de\/wp-content\/uploads\/2025\/07\/Christian-1-200x300.jpg 200w, https:\/\/buergerfuerwetter.de\/wp-content\/uploads\/2025\/07\/Christian-1-687x1030.jpg 687w, https:\/\/buergerfuerwetter.de\/wp-content\/uploads\/2025\/07\/Christian-1-768x1152.jpg 768w, https:\/\/buergerfuerwetter.de\/wp-content\/uploads\/2025\/07\/Christian-1-1024x1536.jpg 1024w, https:\/\/buergerfuerwetter.de\/wp-content\/uploads\/2025\/07\/Christian-1-1365x2048.jpg 1365w, https:\/\/buergerfuerwetter.de\/wp-content\/uploads\/2025\/07\/Christian-1-1000x1500.jpg 1000w, https:\/\/buergerfuerwetter.de\/wp-content\/uploads\/2025\/07\/Christian-1-470x705.jpg 470w\" sizes=\"(max-width: 1707px) 100vw, 1707px\" \/><\/div><\/li><li  class='avia-slideshow-slide av-mcq9xke7-1d971e849253297bae111cc3f23748c5__13  slide-14 slide-even'><div data-rel='slideshow-1' class='avia-slide-wrap '   ><img decoding=\"async\" fetchpriority=\"high\" class=\"wp-image-90 avia-img-lazy-loading-not-90\"  src=\"https:\/\/buergerfuerwetter.de\/wp-content\/uploads\/2025\/07\/Christiane_v1-scaled.jpg\" width=\"1707\" height=\"2560\" title='Christiane_v1' alt=''  itemprop=\"thumbnailUrl\" srcset=\"https:\/\/buergerfuerwetter.de\/wp-content\/uploads\/2025\/07\/Christiane_v1-scaled.jpg 1707w, https:\/\/buergerfuerwetter.de\/wp-content\/uploads\/2025\/07\/Christiane_v1-200x300.jpg 200w, https:\/\/buergerfuerwetter.de\/wp-content\/uploads\/2025\/07\/Christiane_v1-687x1030.jpg 687w, https:\/\/buergerfuerwetter.de\/wp-content\/uploads\/2025\/07\/Christiane_v1-768x1152.jpg 768w, https:\/\/buergerfuerwetter.de\/wp-content\/uploads\/2025\/07\/Christiane_v1-1024x1536.jpg 1024w, https:\/\/buergerfuerwetter.de\/wp-content\/uploads\/2025\/07\/Christiane_v1-1365x2048.jpg 1365w, https:\/\/buergerfuerwetter.de\/wp-content\/uploads\/2025\/07\/Christiane_v1-1000x1500.jpg 1000w, https:\/\/buergerfuerwetter.de\/wp-content\/uploads\/2025\/07\/Christiane_v1-470x705.jpg 470w\" sizes=\"(max-width: 1707px) 100vw, 1707px\" \/><\/div><\/li><\/ul><div class='avia-slideshow-arrows avia-slideshow-controls' ><a href='#prev' class='prev-slide  avia-svg-icon avia-font-svg_entypo-fontello' data-av_svg_icon='left-open-big' data-av_iconset='svg_entypo-fontello' tabindex='-1' title=\"Zur\u00fcck\"><svg version=\"1.1\" xmlns=\"http:\/\/www.w3.org\/2000\/svg\" width=\"15\" height=\"32\" viewBox=\"0 0 15 32\" preserveAspectRatio=\"xMidYMid meet\" aria-labelledby='av-svg-title-1' aria-describedby='av-svg-desc-1' role=\"graphics-symbol\" aria-hidden=\"true\">\n<title id='av-svg-title-1'>Zur\u00fcck<\/title>\n<desc id='av-svg-desc-1'>Zur\u00fcck<\/desc>\n<path d=\"M14.464 27.84q0.832 0.832 0 1.536-0.832 0.832-1.536 0l-12.544-12.608q-0.768-0.768 0-1.6l12.544-12.608q0.704-0.832 1.536 0 0.832 0.704 0 1.536l-11.456 11.904z\"><\/path>\n<\/svg><span class='avia_hidden_link_text'>Zur\u00fcck<\/span><\/a><a href='#next' class='next-slide  avia-svg-icon avia-font-svg_entypo-fontello' data-av_svg_icon='right-open-big' data-av_iconset='svg_entypo-fontello' tabindex='-1' title=\"Weiter\"><svg version=\"1.1\" xmlns=\"http:\/\/www.w3.org\/2000\/svg\" width=\"15\" height=\"32\" viewBox=\"0 0 15 32\" preserveAspectRatio=\"xMidYMid meet\" aria-labelledby='av-svg-title-2' aria-describedby='av-svg-desc-2' role=\"graphics-symbol\" aria-hidden=\"true\">\n<title id='av-svg-title-2'>Weiter<\/title>\n<desc id='av-svg-desc-2'>Weiter<\/desc>\n<path d=\"M0.416 27.84l11.456-11.84-11.456-11.904q-0.832-0.832 0-1.536 0.832-0.832 1.536 0l12.544 12.608q0.768 0.832 0 1.6l-12.544 12.608q-0.704 0.832-1.536 0-0.832-0.704 0-1.536z\"><\/path>\n<\/svg><span class='avia_hidden_link_text'>Weiter<\/span><\/a><\/div><div class='avia-slideshow-dots avia-slideshow-controls'><a href='#1' class='goto-slide active' >1<\/a><a href='#2' class='goto-slide ' >2<\/a><a href='#3' class='goto-slide ' >3<\/a><a href='#4' class='goto-slide ' >4<\/a><a href='#5' class='goto-slide ' >5<\/a><a href='#6' class='goto-slide ' >6<\/a><a href='#7' class='goto-slide ' >7<\/a><a href='#8' class='goto-slide ' >8<\/a><a href='#9' class='goto-slide ' >9<\/a><a href='#10' class='goto-slide ' >10<\/a><a href='#11' class='goto-slide ' >11<\/a><a href='#12' class='goto-slide ' >12<\/a><a href='#13' class='goto-slide ' >13<\/a><a href='#14' class='goto-slide ' >14<\/a><\/div><\/div><\/div><\/p>\n<div  class='flex_column av-10ar5-9b6cebb93fd1e2649e3ff9672deca562 av_one_half  avia-builder-el-4  el_after_av_one_half  avia-builder-el-last  first flex_column_div  column-top-margin'     ><\/div>\n","protected":false},"excerpt":{"rendered":"","protected":false},"author":1,"featured_media":61,"parent":0,"menu_order":3,"comment_status":"closed","ping_status":"closed","template":"","meta":{"footnotes":""},"class_list":["post-53","page","type-page","status-publish","has-post-thumbnail","hentry"],"yoast_head":"<!-- This site is optimized with the Yoast SEO plugin v27.5 - https:\/\/yoast.com\/product\/yoast-seo-wordpress\/ -->\n<title>\u00dcber Uns - B&uuml;rger f&uuml;r Wetter<\/title>\n<meta name=\"description\" content=\"Freie W\u00e4hlergemeinschaft B\u00fcrger f\u00fcr Wetter - Vorstand, Ratsmitglieder, Sachkundige B\u00fcrger - alles \u00fcber uns\" \/>\n<meta name=\"robots\" content=\"index, follow, max-snippet:-1, max-image-preview:large, max-video-preview:-1\" \/>\n<link rel=\"canonical\" href=\"https:\/\/buergerfuerwetter.de\/index.php\/ueber-uns\/\" \/>\n<meta property=\"og:locale\" content=\"de_DE\" \/>\n<meta property=\"og:type\" content=\"article\" \/>\n<meta property=\"og:title\" content=\"\u00dcber Uns - B&uuml;rger f&uuml;r Wetter\" \/>\n<meta property=\"og:description\" content=\"Freie W\u00e4hlergemeinschaft B\u00fcrger f\u00fcr Wetter - Vorstand, Ratsmitglieder, Sachkundige B\u00fcrger - alles \u00fcber uns\" \/>\n<meta property=\"og:url\" content=\"https:\/\/buergerfuerwetter.de\/index.php\/ueber-uns\/\" \/>\n<meta property=\"og:site_name\" content=\"B&uuml;rger f&uuml;r Wetter\" \/>\n<meta property=\"article:publisher\" content=\"https:\/\/www.facebook.com\/buergerfuerwetter\" \/>\n<meta property=\"article:modified_time\" content=\"2025-10-29T18:12:05+00:00\" \/>\n<meta property=\"og:image\" content=\"https:\/\/buergerfuerwetter.de\/wp-content\/uploads\/2025\/07\/FB_Logo.png\" \/>\n\t<meta property=\"og:image:width\" content=\"500\" \/>\n\t<meta property=\"og:image:height\" content=\"500\" \/>\n\t<meta property=\"og:image:type\" content=\"image\/png\" \/>\n<meta name=\"twitter:card\" content=\"summary_large_image\" \/>\n<meta name=\"twitter:label1\" content=\"Gesch\u00e4tzte Lesezeit\" \/>\n\t<meta name=\"twitter:data1\" content=\"4\u00a0Minuten\" \/>\n<script type=\"application\/ld+json\" class=\"yoast-schema-graph\">{\"@context\":\"https:\\\/\\\/schema.org\",\"@graph\":[{\"@type\":\"WebPage\",\"@id\":\"https:\\\/\\\/buergerfuerwetter.de\\\/index.php\\\/ueber-uns\\\/\",\"url\":\"https:\\\/\\\/buergerfuerwetter.de\\\/index.php\\\/ueber-uns\\\/\",\"name\":\"\u00dcber Uns - B&uuml;rger f&uuml;r Wetter\",\"isPartOf\":{\"@id\":\"https:\\\/\\\/buergerfuerwetter.de\\\/#website\"},\"primaryImageOfPage\":{\"@id\":\"https:\\\/\\\/buergerfuerwetter.de\\\/index.php\\\/ueber-uns\\\/#primaryimage\"},\"image\":{\"@id\":\"https:\\\/\\\/buergerfuerwetter.de\\\/index.php\\\/ueber-uns\\\/#primaryimage\"},\"thumbnailUrl\":\"https:\\\/\\\/buergerfuerwetter.de\\\/wp-content\\\/uploads\\\/2025\\\/07\\\/FB_Logo.png\",\"datePublished\":\"2025-07-02T21:06:40+00:00\",\"dateModified\":\"2025-10-29T18:12:05+00:00\",\"description\":\"Freie W\u00e4hlergemeinschaft B\u00fcrger f\u00fcr Wetter - Vorstand, Ratsmitglieder, Sachkundige B\u00fcrger - alles \u00fcber uns\",\"breadcrumb\":{\"@id\":\"https:\\\/\\\/buergerfuerwetter.de\\\/index.php\\\/ueber-uns\\\/#breadcrumb\"},\"inLanguage\":\"de\",\"potentialAction\":[{\"@type\":\"ReadAction\",\"target\":[\"https:\\\/\\\/buergerfuerwetter.de\\\/index.php\\\/ueber-uns\\\/\"]}]},{\"@type\":\"ImageObject\",\"inLanguage\":\"de\",\"@id\":\"https:\\\/\\\/buergerfuerwetter.de\\\/index.php\\\/ueber-uns\\\/#primaryimage\",\"url\":\"https:\\\/\\\/buergerfuerwetter.de\\\/wp-content\\\/uploads\\\/2025\\\/07\\\/FB_Logo.png\",\"contentUrl\":\"https:\\\/\\\/buergerfuerwetter.de\\\/wp-content\\\/uploads\\\/2025\\\/07\\\/FB_Logo.png\",\"width\":500,\"height\":500},{\"@type\":\"BreadcrumbList\",\"@id\":\"https:\\\/\\\/buergerfuerwetter.de\\\/index.php\\\/ueber-uns\\\/#breadcrumb\",\"itemListElement\":[{\"@type\":\"ListItem\",\"position\":1,\"name\":\"Startseite\",\"item\":\"https:\\\/\\\/buergerfuerwetter.de\\\/\"},{\"@type\":\"ListItem\",\"position\":2,\"name\":\"\u00dcber Uns\"}]},{\"@type\":\"WebSite\",\"@id\":\"https:\\\/\\\/buergerfuerwetter.de\\\/#website\",\"url\":\"https:\\\/\\\/buergerfuerwetter.de\\\/\",\"name\":\"B\u00fcrger f\u00fcr Wetter\",\"description\":\"\",\"publisher\":{\"@id\":\"https:\\\/\\\/buergerfuerwetter.de\\\/#organization\"},\"potentialAction\":[{\"@type\":\"SearchAction\",\"target\":{\"@type\":\"EntryPoint\",\"urlTemplate\":\"https:\\\/\\\/buergerfuerwetter.de\\\/?s={search_term_string}\"},\"query-input\":{\"@type\":\"PropertyValueSpecification\",\"valueRequired\":true,\"valueName\":\"search_term_string\"}}],\"inLanguage\":\"de\"},{\"@type\":\"Organization\",\"@id\":\"https:\\\/\\\/buergerfuerwetter.de\\\/#organization\",\"name\":\"B\u00fcrger f\u00fcr Wetter\",\"url\":\"https:\\\/\\\/buergerfuerwetter.de\\\/\",\"logo\":{\"@type\":\"ImageObject\",\"inLanguage\":\"de\",\"@id\":\"https:\\\/\\\/buergerfuerwetter.de\\\/#\\\/schema\\\/logo\\\/image\\\/\",\"url\":\"https:\\\/\\\/buergerfuerwetter.de\\\/wp-content\\\/uploads\\\/2025\\\/05\\\/Logo-ohne-Hintergrund-scaled.png\",\"contentUrl\":\"https:\\\/\\\/buergerfuerwetter.de\\\/wp-content\\\/uploads\\\/2025\\\/05\\\/Logo-ohne-Hintergrund-scaled.png\",\"width\":1921,\"height\":2560,\"caption\":\"B\u00fcrger f\u00fcr Wetter\"},\"image\":{\"@id\":\"https:\\\/\\\/buergerfuerwetter.de\\\/#\\\/schema\\\/logo\\\/image\\\/\"},\"sameAs\":[\"https:\\\/\\\/www.facebook.com\\\/buergerfuerwetter\"]}]}<\/script>\n<!-- \/ Yoast SEO plugin. -->","yoast_head_json":{"title":"\u00dcber Uns - B&uuml;rger f&uuml;r Wetter","description":"Freie W\u00e4hlergemeinschaft B\u00fcrger f\u00fcr Wetter - Vorstand, Ratsmitglieder, Sachkundige B\u00fcrger - alles \u00fcber uns","robots":{"index":"index","follow":"follow","max-snippet":"max-snippet:-1","max-image-preview":"max-image-preview:large","max-video-preview":"max-video-preview:-1"},"canonical":"https:\/\/buergerfuerwetter.de\/index.php\/ueber-uns\/","og_locale":"de_DE","og_type":"article","og_title":"\u00dcber Uns - B&uuml;rger f&uuml;r Wetter","og_description":"Freie W\u00e4hlergemeinschaft B\u00fcrger f\u00fcr Wetter - Vorstand, Ratsmitglieder, Sachkundige B\u00fcrger - alles \u00fcber uns","og_url":"https:\/\/buergerfuerwetter.de\/index.php\/ueber-uns\/","og_site_name":"B&uuml;rger f&uuml;r Wetter","article_publisher":"https:\/\/www.facebook.com\/buergerfuerwetter","article_modified_time":"2025-10-29T18:12:05+00:00","og_image":[{"width":500,"height":500,"url":"https:\/\/buergerfuerwetter.de\/wp-content\/uploads\/2025\/07\/FB_Logo.png","type":"image\/png"}],"twitter_card":"summary_large_image","twitter_misc":{"Gesch\u00e4tzte Lesezeit":"4\u00a0Minuten"},"schema":{"@context":"https:\/\/schema.org","@graph":[{"@type":"WebPage","@id":"https:\/\/buergerfuerwetter.de\/index.php\/ueber-uns\/","url":"https:\/\/buergerfuerwetter.de\/index.php\/ueber-uns\/","name":"\u00dcber Uns - B&uuml;rger f&uuml;r Wetter","isPartOf":{"@id":"https:\/\/buergerfuerwetter.de\/#website"},"primaryImageOfPage":{"@id":"https:\/\/buergerfuerwetter.de\/index.php\/ueber-uns\/#primaryimage"},"image":{"@id":"https:\/\/buergerfuerwetter.de\/index.php\/ueber-uns\/#primaryimage"},"thumbnailUrl":"https:\/\/buergerfuerwetter.de\/wp-content\/uploads\/2025\/07\/FB_Logo.png","datePublished":"2025-07-02T21:06:40+00:00","dateModified":"2025-10-29T18:12:05+00:00","description":"Freie W\u00e4hlergemeinschaft B\u00fcrger f\u00fcr Wetter - Vorstand, Ratsmitglieder, Sachkundige B\u00fcrger - alles \u00fcber uns","breadcrumb":{"@id":"https:\/\/buergerfuerwetter.de\/index.php\/ueber-uns\/#breadcrumb"},"inLanguage":"de","potentialAction":[{"@type":"ReadAction","target":["https:\/\/buergerfuerwetter.de\/index.php\/ueber-uns\/"]}]},{"@type":"ImageObject","inLanguage":"de","@id":"https:\/\/buergerfuerwetter.de\/index.php\/ueber-uns\/#primaryimage","url":"https:\/\/buergerfuerwetter.de\/wp-content\/uploads\/2025\/07\/FB_Logo.png","contentUrl":"https:\/\/buergerfuerwetter.de\/wp-content\/uploads\/2025\/07\/FB_Logo.png","width":500,"height":500},{"@type":"BreadcrumbList","@id":"https:\/\/buergerfuerwetter.de\/index.php\/ueber-uns\/#breadcrumb","itemListElement":[{"@type":"ListItem","position":1,"name":"Startseite","item":"https:\/\/buergerfuerwetter.de\/"},{"@type":"ListItem","position":2,"name":"\u00dcber Uns"}]},{"@type":"WebSite","@id":"https:\/\/buergerfuerwetter.de\/#website","url":"https:\/\/buergerfuerwetter.de\/","name":"B\u00fcrger f\u00fcr Wetter","description":"","publisher":{"@id":"https:\/\/buergerfuerwetter.de\/#organization"},"potentialAction":[{"@type":"SearchAction","target":{"@type":"EntryPoint","urlTemplate":"https:\/\/buergerfuerwetter.de\/?s={search_term_string}"},"query-input":{"@type":"PropertyValueSpecification","valueRequired":true,"valueName":"search_term_string"}}],"inLanguage":"de"},{"@type":"Organization","@id":"https:\/\/buergerfuerwetter.de\/#organization","name":"B\u00fcrger f\u00fcr Wetter","url":"https:\/\/buergerfuerwetter.de\/","logo":{"@type":"ImageObject","inLanguage":"de","@id":"https:\/\/buergerfuerwetter.de\/#\/schema\/logo\/image\/","url":"https:\/\/buergerfuerwetter.de\/wp-content\/uploads\/2025\/05\/Logo-ohne-Hintergrund-scaled.png","contentUrl":"https:\/\/buergerfuerwetter.de\/wp-content\/uploads\/2025\/05\/Logo-ohne-Hintergrund-scaled.png","width":1921,"height":2560,"caption":"B\u00fcrger f\u00fcr Wetter"},"image":{"@id":"https:\/\/buergerfuerwetter.de\/#\/schema\/logo\/image\/"},"sameAs":["https:\/\/www.facebook.com\/buergerfuerwetter"]}]}},"_links":{"self":[{"href":"https:\/\/buergerfuerwetter.de\/index.php\/wp-json\/wp\/v2\/pages\/53","targetHints":{"allow":["GET"]}}],"collection":[{"href":"https:\/\/buergerfuerwetter.de\/index.php\/wp-json\/wp\/v2\/pages"}],"about":[{"href":"https:\/\/buergerfuerwetter.de\/index.php\/wp-json\/wp\/v2\/types\/page"}],"author":[{"embeddable":true,"href":"https:\/\/buergerfuerwetter.de\/index.php\/wp-json\/wp\/v2\/users\/1"}],"replies":[{"embeddable":true,"href":"https:\/\/buergerfuerwetter.de\/index.php\/wp-json\/wp\/v2\/comments?post=53"}],"version-history":[{"count":18,"href":"https:\/\/buergerfuerwetter.de\/index.php\/wp-json\/wp\/v2\/pages\/53\/revisions"}],"predecessor-version":[{"id":765,"href":"https:\/\/buergerfuerwetter.de\/index.php\/wp-json\/wp\/v2\/pages\/53\/revisions\/765"}],"wp:featuredmedia":[{"embeddable":true,"href":"https:\/\/buergerfuerwetter.de\/index.php\/wp-json\/wp\/v2\/media\/61"}],"wp:attachment":[{"href":"https:\/\/buergerfuerwetter.de\/index.php\/wp-json\/wp\/v2\/media?parent=53"}],"curies":[{"name":"wp","href":"https:\/\/api.w.org\/{rel}","templated":true}]}}