{"id":71,"date":"2025-07-02T21:06:51","date_gmt":"2025-07-02T21:06:51","guid":{"rendered":"https:\/\/xn--brgerfrwetter-wobf.eu\/?page_id=71"},"modified":"2025-07-27T13:03:57","modified_gmt":"2025-07-27T11:03:57","slug":"kontakt","status":"publish","type":"page","link":"https:\/\/buergerfuerwetter.de\/index.php\/kontakt\/","title":{"rendered":"Kontakt"},"content":{"rendered":"<form action=\"https:\/\/buergerfuerwetter.de\/index.php\/kontakt\/\" method=\"post\" data-fields-with-error=\"Fehler wurden in folgenden Feld(ern) gefunden:\" class=\"avia_ajax_form av-form-labels-visible   avia-builder-el-0  avia-builder-el-no-sibling   \" data-avia-form-id=\"1\" data-avia-redirect=''  aria-label='Kontaktformular' ><h3 class=''>Der einfachste Weg mit uns in Kontakt zu treten: <\/h3><fieldset><p class='  first_form  form_element form_fullwidth' id='element_avia_1_1'><label for=\"avia_1_1\">Vorname <abbr class=\"required\" title=\"ben\u00f6tigt\">*<\/abbr><\/label> <input name=\"avia_1_1\" class=\"text_input is_empty\" type=\"text\" id=\"avia_1_1\" value=\"\" \/><\/p><p class='  first_form  form_element form_fullwidth' id='element_avia_2_1'><label for=\"avia_2_1\">Name <abbr class=\"required\" title=\"ben\u00f6tigt\">*<\/abbr><\/label> <input name=\"avia_2_1\" class=\"text_input is_empty\" type=\"text\" id=\"avia_2_1\" value=\"\" \/><\/p><p class='  first_form  form_element form_fullwidth' id='element_avia_3_1'><label for=\"avia_3_1\">E-Mail <abbr class=\"required\" title=\"ben\u00f6tigt\">*<\/abbr><\/label> <input name=\"avia_3_1\" class=\"text_input is_email\" type=\"text\" id=\"avia_3_1\" value=\"\" \/><\/p><p class='  first_form  form_element form_fullwidth' id='element_avia_4_1'><label for=\"avia_4_1\">Ortsteil:<\/label><select  name=\"avia_4_1\" class=\"select \" id=\"avia_4_1\"><option   value='Alt- Wetter'>Alt- Wetter<\/option><option   value='Volmarstein'>Volmarstein<\/option><option   value='Volmarstein - Grundsch\u00f6ttel'>Volmarstein - Grundsch\u00f6ttel<\/option><option   value='Volmarstein - Oberwengern'>Volmarstein - Oberwengern<\/option><option   value='Volmarstein - Schmandbruch'>Volmarstein - Schmandbruch<\/option><option   value='Wengern'>Wengern<\/option><option   value='Wengern - Albringhausen'>Wengern - Albringhausen<\/option><option   value='Wengern - Esborn'>Wengern - Esborn<\/option><option   value='Kein Wetteraner'>Kein Wetteraner<\/option><\/select><\/p><p class='  first_form  form_element form_fullwidth' id='element_avia_5_1'><label for=\"avia_5_1\">Betreff <abbr class=\"required\" title=\"ben\u00f6tigt\">*<\/abbr><\/label> <input name=\"avia_5_1\" class=\"text_input is_empty\" type=\"text\" id=\"avia_5_1\" value=\"\" \/><\/p><p class='  first_form  form_element form_fullwidth av-last-visible-form-element' id='element_avia_6_1'><label for=\"avia_6_1\" class=\"textare_label hidden textare_label_avia_6_1\">Nachricht <abbr class=\"required\" title=\"ben\u00f6tigt\">*<\/abbr><\/label><textarea  name=\"avia_6_1\" class=\"text_area is_empty\" cols=\"40\" rows=\"7\" id=\"avia_6_1\" ><\/textarea><\/p><p class=\"hidden\"><input type=\"text\" name=\"avia_7_1\" class=\"hidden \" id=\"avia_7_1\" value=\"\" \/><\/p><p class=\"form_element \"><input type=\"hidden\" value=\"1\" name=\"avia_generated_form1\" \/><input type=\"submit\" value=\"Senden\" class=\"button\"  data-sending-label=\"Sende\"\/><\/p><\/fieldset><\/form><div id=\"ajaxresponse_1\" class=\"ajaxresponse ajaxresponse_1 hidden\"><\/div>\n","protected":false},"excerpt":{"rendered":"","protected":false},"author":1,"featured_media":61,"parent":0,"menu_order":4,"comment_status":"closed","ping_status":"closed","template":"","meta":{"footnotes":""},"class_list":["post-71","page","type-page","status-publish","has-post-thumbnail","hentry"],"yoast_head":"<!-- This site is optimized with the Yoast SEO plugin v27.5 - https:\/\/yoast.com\/product\/yoast-seo-wordpress\/ -->\n<title>Kontakt - B&uuml;rger f&uuml;r Wetter<\/title>\n<meta name=\"description\" content=\"Freie W\u00e4hlergemeinschaft B\u00fcrger f\u00fcr Wetter - Kontaktformular zur vereinfachten Kontaktaufnahme mit den Verantwortlichen\" \/>\n<meta name=\"robots\" content=\"index, follow, max-snippet:-1, max-image-preview:large, max-video-preview:-1\" \/>\n<link rel=\"canonical\" href=\"https:\/\/buergerfuerwetter.de\/index.php\/kontakt\/\" \/>\n<meta property=\"og:locale\" content=\"de_DE\" \/>\n<meta property=\"og:type\" content=\"article\" \/>\n<meta property=\"og:title\" content=\"Kontakt - B&uuml;rger f&uuml;r Wetter\" \/>\n<meta property=\"og:description\" content=\"Freie W\u00e4hlergemeinschaft B\u00fcrger f\u00fcr Wetter - Kontaktformular zur vereinfachten Kontaktaufnahme mit den Verantwortlichen\" \/>\n<meta property=\"og:url\" content=\"https:\/\/buergerfuerwetter.de\/index.php\/kontakt\/\" \/>\n<meta property=\"og:site_name\" content=\"B&uuml;rger f&uuml;r Wetter\" \/>\n<meta property=\"article:publisher\" content=\"https:\/\/www.facebook.com\/buergerfuerwetter\" \/>\n<meta property=\"article:modified_time\" content=\"2025-07-27T11:03:57+00:00\" \/>\n<meta property=\"og:image\" content=\"https:\/\/buergerfuerwetter.de\/wp-content\/uploads\/2025\/07\/FB_Logo.png\" \/>\n\t<meta property=\"og:image:width\" content=\"500\" \/>\n\t<meta property=\"og:image:height\" content=\"500\" \/>\n\t<meta property=\"og:image:type\" content=\"image\/png\" \/>\n<meta name=\"twitter:card\" content=\"summary_large_image\" \/>\n<meta name=\"twitter:label1\" content=\"Gesch\u00e4tzte Lesezeit\" \/>\n\t<meta name=\"twitter:data1\" content=\"1\u00a0Minute\" \/>\n<script type=\"application\/ld+json\" class=\"yoast-schema-graph\">{\"@context\":\"https:\\\/\\\/schema.org\",\"@graph\":[{\"@type\":\"WebPage\",\"@id\":\"https:\\\/\\\/buergerfuerwetter.de\\\/index.php\\\/kontakt\\\/\",\"url\":\"https:\\\/\\\/buergerfuerwetter.de\\\/index.php\\\/kontakt\\\/\",\"name\":\"Kontakt - B&uuml;rger f&uuml;r Wetter\",\"isPartOf\":{\"@id\":\"https:\\\/\\\/buergerfuerwetter.de\\\/#website\"},\"primaryImageOfPage\":{\"@id\":\"https:\\\/\\\/buergerfuerwetter.de\\\/index.php\\\/kontakt\\\/#primaryimage\"},\"image\":{\"@id\":\"https:\\\/\\\/buergerfuerwetter.de\\\/index.php\\\/kontakt\\\/#primaryimage\"},\"thumbnailUrl\":\"https:\\\/\\\/buergerfuerwetter.de\\\/wp-content\\\/uploads\\\/2025\\\/07\\\/FB_Logo.png\",\"datePublished\":\"2025-07-02T21:06:51+00:00\",\"dateModified\":\"2025-07-27T11:03:57+00:00\",\"description\":\"Freie W\u00e4hlergemeinschaft B\u00fcrger f\u00fcr Wetter - Kontaktformular zur vereinfachten Kontaktaufnahme mit den Verantwortlichen\",\"breadcrumb\":{\"@id\":\"https:\\\/\\\/buergerfuerwetter.de\\\/index.php\\\/kontakt\\\/#breadcrumb\"},\"inLanguage\":\"de\",\"potentialAction\":[{\"@type\":\"ReadAction\",\"target\":[\"https:\\\/\\\/buergerfuerwetter.de\\\/index.php\\\/kontakt\\\/\"]}]},{\"@type\":\"ImageObject\",\"inLanguage\":\"de\",\"@id\":\"https:\\\/\\\/buergerfuerwetter.de\\\/index.php\\\/kontakt\\\/#primaryimage\",\"url\":\"https:\\\/\\\/buergerfuerwetter.de\\\/wp-content\\\/uploads\\\/2025\\\/07\\\/FB_Logo.png\",\"contentUrl\":\"https:\\\/\\\/buergerfuerwetter.de\\\/wp-content\\\/uploads\\\/2025\\\/07\\\/FB_Logo.png\",\"width\":500,\"height\":500},{\"@type\":\"BreadcrumbList\",\"@id\":\"https:\\\/\\\/buergerfuerwetter.de\\\/index.php\\\/kontakt\\\/#breadcrumb\",\"itemListElement\":[{\"@type\":\"ListItem\",\"position\":1,\"name\":\"Startseite\",\"item\":\"https:\\\/\\\/buergerfuerwetter.de\\\/\"},{\"@type\":\"ListItem\",\"position\":2,\"name\":\"Kontakt\"}]},{\"@type\":\"WebSite\",\"@id\":\"https:\\\/\\\/buergerfuerwetter.de\\\/#website\",\"url\":\"https:\\\/\\\/buergerfuerwetter.de\\\/\",\"name\":\"B\u00fcrger f\u00fcr Wetter\",\"description\":\"\",\"publisher\":{\"@id\":\"https:\\\/\\\/buergerfuerwetter.de\\\/#organization\"},\"potentialAction\":[{\"@type\":\"SearchAction\",\"target\":{\"@type\":\"EntryPoint\",\"urlTemplate\":\"https:\\\/\\\/buergerfuerwetter.de\\\/?s={search_term_string}\"},\"query-input\":{\"@type\":\"PropertyValueSpecification\",\"valueRequired\":true,\"valueName\":\"search_term_string\"}}],\"inLanguage\":\"de\"},{\"@type\":\"Organization\",\"@id\":\"https:\\\/\\\/buergerfuerwetter.de\\\/#organization\",\"name\":\"B\u00fcrger f\u00fcr Wetter\",\"url\":\"https:\\\/\\\/buergerfuerwetter.de\\\/\",\"logo\":{\"@type\":\"ImageObject\",\"inLanguage\":\"de\",\"@id\":\"https:\\\/\\\/buergerfuerwetter.de\\\/#\\\/schema\\\/logo\\\/image\\\/\",\"url\":\"https:\\\/\\\/buergerfuerwetter.de\\\/wp-content\\\/uploads\\\/2025\\\/05\\\/Logo-ohne-Hintergrund-scaled.png\",\"contentUrl\":\"https:\\\/\\\/buergerfuerwetter.de\\\/wp-content\\\/uploads\\\/2025\\\/05\\\/Logo-ohne-Hintergrund-scaled.png\",\"width\":1921,\"height\":2560,\"caption\":\"B\u00fcrger f\u00fcr Wetter\"},\"image\":{\"@id\":\"https:\\\/\\\/buergerfuerwetter.de\\\/#\\\/schema\\\/logo\\\/image\\\/\"},\"sameAs\":[\"https:\\\/\\\/www.facebook.com\\\/buergerfuerwetter\"]}]}<\/script>\n<!-- \/ Yoast SEO plugin. -->","yoast_head_json":{"title":"Kontakt - B&uuml;rger f&uuml;r Wetter","description":"Freie W\u00e4hlergemeinschaft B\u00fcrger f\u00fcr Wetter - Kontaktformular zur vereinfachten Kontaktaufnahme mit den Verantwortlichen","robots":{"index":"index","follow":"follow","max-snippet":"max-snippet:-1","max-image-preview":"max-image-preview:large","max-video-preview":"max-video-preview:-1"},"canonical":"https:\/\/buergerfuerwetter.de\/index.php\/kontakt\/","og_locale":"de_DE","og_type":"article","og_title":"Kontakt - B&uuml;rger f&uuml;r Wetter","og_description":"Freie W\u00e4hlergemeinschaft B\u00fcrger f\u00fcr Wetter - Kontaktformular zur vereinfachten Kontaktaufnahme mit den Verantwortlichen","og_url":"https:\/\/buergerfuerwetter.de\/index.php\/kontakt\/","og_site_name":"B&uuml;rger f&uuml;r Wetter","article_publisher":"https:\/\/www.facebook.com\/buergerfuerwetter","article_modified_time":"2025-07-27T11:03:57+00:00","og_image":[{"width":500,"height":500,"url":"https:\/\/buergerfuerwetter.de\/wp-content\/uploads\/2025\/07\/FB_Logo.png","type":"image\/png"}],"twitter_card":"summary_large_image","twitter_misc":{"Gesch\u00e4tzte Lesezeit":"1\u00a0Minute"},"schema":{"@context":"https:\/\/schema.org","@graph":[{"@type":"WebPage","@id":"https:\/\/buergerfuerwetter.de\/index.php\/kontakt\/","url":"https:\/\/buergerfuerwetter.de\/index.php\/kontakt\/","name":"Kontakt - B&uuml;rger f&uuml;r Wetter","isPartOf":{"@id":"https:\/\/buergerfuerwetter.de\/#website"},"primaryImageOfPage":{"@id":"https:\/\/buergerfuerwetter.de\/index.php\/kontakt\/#primaryimage"},"image":{"@id":"https:\/\/buergerfuerwetter.de\/index.php\/kontakt\/#primaryimage"},"thumbnailUrl":"https:\/\/buergerfuerwetter.de\/wp-content\/uploads\/2025\/07\/FB_Logo.png","datePublished":"2025-07-02T21:06:51+00:00","dateModified":"2025-07-27T11:03:57+00:00","description":"Freie W\u00e4hlergemeinschaft B\u00fcrger f\u00fcr Wetter - Kontaktformular zur vereinfachten Kontaktaufnahme mit den Verantwortlichen","breadcrumb":{"@id":"https:\/\/buergerfuerwetter.de\/index.php\/kontakt\/#breadcrumb"},"inLanguage":"de","potentialAction":[{"@type":"ReadAction","target":["https:\/\/buergerfuerwetter.de\/index.php\/kontakt\/"]}]},{"@type":"ImageObject","inLanguage":"de","@id":"https:\/\/buergerfuerwetter.de\/index.php\/kontakt\/#primaryimage","url":"https:\/\/buergerfuerwetter.de\/wp-content\/uploads\/2025\/07\/FB_Logo.png","contentUrl":"https:\/\/buergerfuerwetter.de\/wp-content\/uploads\/2025\/07\/FB_Logo.png","width":500,"height":500},{"@type":"BreadcrumbList","@id":"https:\/\/buergerfuerwetter.de\/index.php\/kontakt\/#breadcrumb","itemListElement":[{"@type":"ListItem","position":1,"name":"Startseite","item":"https:\/\/buergerfuerwetter.de\/"},{"@type":"ListItem","position":2,"name":"Kontakt"}]},{"@type":"WebSite","@id":"https:\/\/buergerfuerwetter.de\/#website","url":"https:\/\/buergerfuerwetter.de\/","name":"B\u00fcrger f\u00fcr Wetter","description":"","publisher":{"@id":"https:\/\/buergerfuerwetter.de\/#organization"},"potentialAction":[{"@type":"SearchAction","target":{"@type":"EntryPoint","urlTemplate":"https:\/\/buergerfuerwetter.de\/?s={search_term_string}"},"query-input":{"@type":"PropertyValueSpecification","valueRequired":true,"valueName":"search_term_string"}}],"inLanguage":"de"},{"@type":"Organization","@id":"https:\/\/buergerfuerwetter.de\/#organization","name":"B\u00fcrger f\u00fcr Wetter","url":"https:\/\/buergerfuerwetter.de\/","logo":{"@type":"ImageObject","inLanguage":"de","@id":"https:\/\/buergerfuerwetter.de\/#\/schema\/logo\/image\/","url":"https:\/\/buergerfuerwetter.de\/wp-content\/uploads\/2025\/05\/Logo-ohne-Hintergrund-scaled.png","contentUrl":"https:\/\/buergerfuerwetter.de\/wp-content\/uploads\/2025\/05\/Logo-ohne-Hintergrund-scaled.png","width":1921,"height":2560,"caption":"B\u00fcrger f\u00fcr Wetter"},"image":{"@id":"https:\/\/buergerfuerwetter.de\/#\/schema\/logo\/image\/"},"sameAs":["https:\/\/www.facebook.com\/buergerfuerwetter"]}]}},"_links":{"self":[{"href":"https:\/\/buergerfuerwetter.de\/index.php\/wp-json\/wp\/v2\/pages\/71","targetHints":{"allow":["GET"]}}],"collection":[{"href":"https:\/\/buergerfuerwetter.de\/index.php\/wp-json\/wp\/v2\/pages"}],"about":[{"href":"https:\/\/buergerfuerwetter.de\/index.php\/wp-json\/wp\/v2\/types\/page"}],"author":[{"embeddable":true,"href":"https:\/\/buergerfuerwetter.de\/index.php\/wp-json\/wp\/v2\/users\/1"}],"replies":[{"embeddable":true,"href":"https:\/\/buergerfuerwetter.de\/index.php\/wp-json\/wp\/v2\/comments?post=71"}],"version-history":[{"count":3,"href":"https:\/\/buergerfuerwetter.de\/index.php\/wp-json\/wp\/v2\/pages\/71\/revisions"}],"predecessor-version":[{"id":403,"href":"https:\/\/buergerfuerwetter.de\/index.php\/wp-json\/wp\/v2\/pages\/71\/revisions\/403"}],"wp:featuredmedia":[{"embeddable":true,"href":"https:\/\/buergerfuerwetter.de\/index.php\/wp-json\/wp\/v2\/media\/61"}],"wp:attachment":[{"href":"https:\/\/buergerfuerwetter.de\/index.php\/wp-json\/wp\/v2\/media?parent=71"}],"curies":[{"name":"wp","href":"https:\/\/api.w.org\/{rel}","templated":true}]}}